{"id":941,"date":"2024-10-17T15:49:26","date_gmt":"2024-10-17T15:49:26","guid":{"rendered":"https:\/\/openshops.rkinformatika.online\/?page_id=941"},"modified":"2025-03-27T09:33:13","modified_gmt":"2025-03-27T09:33:13","slug":"inicio","status":"publish","type":"page","link":"https:\/\/latorrepeluqueria.com\/eu\/","title":{"rendered":"HASIERA"},"content":{"rendered":"<div data-elementor-type=\"wp-page\" data-elementor-id=\"941\" class=\"elementor elementor-941\" data-elementor-post-type=\"page\">\n\t\t\t\t\t\t<section class=\"elementor-section elementor-top-section elementor-element elementor-element-2ceda46f elementor-section-height-min-height elementor-section-boxed elementor-section-height-default elementor-section-items-middle\" data-id=\"2ceda46f\" data-element_type=\"section\" data-e-type=\"section\" data-settings=\"{&quot;background_background&quot;:&quot;classic&quot;}\">\n\t\t\t\t\t\t\t<div class=\"elementor-background-overlay\"><\/div>\n\t\t\t\t\t\t\t<div class=\"elementor-container elementor-column-gap-no\">\n\t\t\t\t\t<div class=\"elementor-column elementor-col-100 elementor-top-column elementor-element elementor-element-21c58e5c\" data-id=\"21c58e5c\" data-element_type=\"column\" data-e-type=\"column\">\n\t\t\t<div class=\"elementor-widget-wrap elementor-element-populated\">\n\t\t\t\t\t\t<div class=\"elementor-element elementor-element-42f39f1c elementor-widget-tablet__width-initial elementor-invisible elementor-widget elementor-widget-heading\" data-id=\"42f39f1c\" data-element_type=\"widget\" data-e-type=\"widget\" data-settings=\"{&quot;_animation&quot;:&quot;zoomIn&quot;}\" data-widget_type=\"heading.default\">\n\t\t\t\t<div class=\"elementor-widget-container\">\n\t\t\t\t\t<h2 class=\"elementor-heading-title elementor-size-default\">Ongi etorri<br><br>Peluquer\u00eda Latorre<\/h2>\t\t\t\t<\/div>\n\t\t\t\t<\/div>\n\t\t\t\t\t<\/div>\n\t\t<\/div>\n\t\t\t\t\t<\/div>\n\t\t<\/section>\n\t\t<div class=\"elementor-element elementor-element-3fdea75 elementor-hidden-desktop e-flex e-con-boxed e-con e-parent\" data-id=\"3fdea75\" data-element_type=\"container\" data-e-type=\"container\">\n\t\t\t\t\t<div class=\"e-con-inner\">\n\t\t<div class=\"elementor-element elementor-element-357eef8 e-con-full e-flex e-con e-child\" data-id=\"357eef8\" data-element_type=\"container\" data-e-type=\"container\">\n\t\t\t\t<div class=\"elementor-element elementor-element-e8c25be elementor-widget elementor-widget-image\" data-id=\"e8c25be\" data-element_type=\"widget\" data-e-type=\"widget\" data-widget_type=\"image.default\">\n\t\t\t\t<div class=\"elementor-widget-container\">\n\t\t\t\t\t\t\t\t\t\t\t\t\t\t\t<img fetchpriority=\"high\" decoding=\"async\" width=\"768\" height=\"1024\" src=\"https:\/\/latorrepeluqueria.com\/wp-content\/uploads\/2025\/03\/WhatsApp-Image-2025-03-21-at-10.45.45-768x1024.jpeg\" class=\"attachment-large size-large wp-image-2460\" alt=\"\" srcset=\"https:\/\/latorrepeluqueria.com\/wp-content\/uploads\/2025\/03\/WhatsApp-Image-2025-03-21-at-10.45.45-768x1024.jpeg 768w, https:\/\/latorrepeluqueria.com\/wp-content\/uploads\/2025\/03\/WhatsApp-Image-2025-03-21-at-10.45.45-225x300.jpeg 225w, https:\/\/latorrepeluqueria.com\/wp-content\/uploads\/2025\/03\/WhatsApp-Image-2025-03-21-at-10.45.45-1152x1536.jpeg 1152w, https:\/\/latorrepeluqueria.com\/wp-content\/uploads\/2025\/03\/WhatsApp-Image-2025-03-21-at-10.45.45-9x12.jpeg 9w, https:\/\/latorrepeluqueria.com\/wp-content\/uploads\/2025\/03\/WhatsApp-Image-2025-03-21-at-10.45.45.jpeg 1536w\" sizes=\"(max-width: 768px) 100vw, 768px\" \/>\t\t\t\t\t\t\t\t\t\t\t\t\t\t\t<\/div>\n\t\t\t\t<\/div>\n\t\t\t\t<\/div>\n\t\t<div class=\"elementor-element elementor-element-b159457 e-con-full e-flex e-con e-child\" data-id=\"b159457\" data-element_type=\"container\" data-e-type=\"container\">\n\t\t\t\t<div class=\"elementor-element elementor-element-9a116fb elementor-widget elementor-widget-image\" data-id=\"9a116fb\" data-element_type=\"widget\" data-e-type=\"widget\" data-widget_type=\"image.default\">\n\t\t\t\t<div class=\"elementor-widget-container\">\n\t\t\t\t\t\t\t\t\t\t\t\t\t\t\t<img decoding=\"async\" width=\"800\" height=\"802\" src=\"https:\/\/latorrepeluqueria.com\/wp-content\/uploads\/2025\/03\/WhatsApp-Image-2025-03-21-at-10.45.43-1021x1024.jpeg\" class=\"attachment-large size-large wp-image-2459\" alt=\"\" srcset=\"https:\/\/latorrepeluqueria.com\/wp-content\/uploads\/2025\/03\/WhatsApp-Image-2025-03-21-at-10.45.43-1021x1024.jpeg 1021w, https:\/\/latorrepeluqueria.com\/wp-content\/uploads\/2025\/03\/WhatsApp-Image-2025-03-21-at-10.45.43-300x300.jpeg 300w, https:\/\/latorrepeluqueria.com\/wp-content\/uploads\/2025\/03\/WhatsApp-Image-2025-03-21-at-10.45.43-150x150.jpeg 150w, https:\/\/latorrepeluqueria.com\/wp-content\/uploads\/2025\/03\/WhatsApp-Image-2025-03-21-at-10.45.43-768x770.jpeg 768w, https:\/\/latorrepeluqueria.com\/wp-content\/uploads\/2025\/03\/WhatsApp-Image-2025-03-21-at-10.45.43-12x12.jpeg 12w, https:\/\/latorrepeluqueria.com\/wp-content\/uploads\/2025\/03\/WhatsApp-Image-2025-03-21-at-10.45.43.jpeg 1080w\" sizes=\"(max-width: 800px) 100vw, 800px\" \/>\t\t\t\t\t\t\t\t\t\t\t\t\t\t\t<\/div>\n\t\t\t\t<\/div>\n\t\t\t\t<\/div>\n\t\t\t\t\t<\/div>\n\t\t\t\t<\/div>\n\t\t\t\t<section class=\"elementor-section elementor-top-section elementor-element elementor-element-4c97510d elementor-section-content-middle elementor-section-boxed elementor-section-height-default elementor-section-height-default\" data-id=\"4c97510d\" data-element_type=\"section\" data-e-type=\"section\" data-settings=\"{&quot;background_background&quot;:&quot;classic&quot;}\">\n\t\t\t\t\t\t<div class=\"elementor-container elementor-column-gap-no\">\n\t\t\t\t\t<div class=\"elementor-column elementor-col-33 elementor-top-column elementor-element elementor-element-305884ae elementor-hidden-mobile elementor-invisible\" data-id=\"305884ae\" data-element_type=\"column\" data-e-type=\"column\" data-settings=\"{&quot;animation&quot;:&quot;fadeInUp&quot;}\">\n\t\t\t<div class=\"elementor-widget-wrap elementor-element-populated\">\n\t\t\t\t\t\t<div class=\"elementor-element elementor-element-18388f64 elementor-widget elementor-widget-image\" data-id=\"18388f64\" data-element_type=\"widget\" data-e-type=\"widget\" data-widget_type=\"image.default\">\n\t\t\t\t<div class=\"elementor-widget-container\">\n\t\t\t\t\t\t\t\t\t\t\t\t\t\t\t<img decoding=\"async\" src=\"https:\/\/latorrepeluqueria.com\/wp-content\/uploads\/elementor\/thumbs\/WhatsApp-Image-2025-03-21-at-10.45.45-r36mc8asq54lmxgiltc9pkm3pajovzq0yy41lklxqy.jpeg\" title=\"WhatsApp Image 2025-03-21 at 10.45.45\" alt=\"WhatsApp Image 2025-03-21 at 10.45.45\" loading=\"lazy\" \/>\t\t\t\t\t\t\t\t\t\t\t\t\t\t\t<\/div>\n\t\t\t\t<\/div>\n\t\t\t\t\t<\/div>\n\t\t<\/div>\n\t\t\t\t<div class=\"elementor-column elementor-col-33 elementor-top-column elementor-element elementor-element-429b18ab elementor-hidden-tablet elementor-hidden-mobile elementor-invisible\" data-id=\"429b18ab\" data-element_type=\"column\" data-e-type=\"column\" data-settings=\"{&quot;animation&quot;:&quot;fadeInLeft&quot;,&quot;animation_delay&quot;:300}\">\n\t\t\t<div class=\"elementor-widget-wrap elementor-element-populated\">\n\t\t\t\t\t\t<div class=\"elementor-element elementor-element-15c43cc1 elementor-widget elementor-widget-image\" data-id=\"15c43cc1\" data-element_type=\"widget\" data-e-type=\"widget\" data-widget_type=\"image.default\">\n\t\t\t\t<div class=\"elementor-widget-container\">\n\t\t\t\t\t\t\t\t\t\t\t\t\t\t\t<img decoding=\"async\" src=\"https:\/\/latorrepeluqueria.com\/wp-content\/uploads\/elementor\/thumbs\/WhatsApp-Image-2025-03-21-at-10.45.43-r36mbqfyrusdo6vr9244b7bplmcv3hcy3zhtp88sc0.jpeg\" title=\"WhatsApp Image 2025-03-21 at 10.45.43\" alt=\"WhatsApp Image 2025-03-21 at 10.45.43\" loading=\"lazy\" \/>\t\t\t\t\t\t\t\t\t\t\t\t\t\t\t<\/div>\n\t\t\t\t<\/div>\n\t\t\t\t\t<\/div>\n\t\t<\/div>\n\t\t\t\t<div class=\"elementor-column elementor-col-33 elementor-top-column elementor-element elementor-element-37bb1425\" data-id=\"37bb1425\" data-element_type=\"column\" data-e-type=\"column\">\n\t\t\t<div class=\"elementor-widget-wrap elementor-element-populated\">\n\t\t\t\t\t\t<section class=\"elementor-section elementor-inner-section elementor-element elementor-element-6b04b859 elementor-section-boxed elementor-section-height-default elementor-section-height-default\" data-id=\"6b04b859\" data-element_type=\"section\" data-e-type=\"section\" data-settings=\"{&quot;background_background&quot;:&quot;classic&quot;}\">\n\t\t\t\t\t\t\t<div class=\"elementor-background-overlay\"><\/div>\n\t\t\t\t\t\t\t<div class=\"elementor-container elementor-column-gap-no\">\n\t\t\t\t\t<div class=\"elementor-column elementor-col-100 elementor-inner-column elementor-element elementor-element-505014f4 elementor-invisible\" data-id=\"505014f4\" data-element_type=\"column\" data-e-type=\"column\" data-settings=\"{&quot;background_background&quot;:&quot;classic&quot;,&quot;animation&quot;:&quot;fadeInRight&quot;}\">\n\t\t\t<div class=\"elementor-widget-wrap elementor-element-populated\">\n\t\t\t\t\t\t<div class=\"elementor-element elementor-element-5a255791 elementor-widget elementor-widget-heading\" data-id=\"5a255791\" data-element_type=\"widget\" data-e-type=\"widget\" data-widget_type=\"heading.default\">\n\t\t\t\t<div class=\"elementor-widget-container\">\n\t\t\t\t\t<h2 class=\"elementor-heading-title elementor-size-default\">Ezagutu gaitzazu<\/h2>\t\t\t\t<\/div>\n\t\t\t\t<\/div>\n\t\t\t\t<div class=\"elementor-element elementor-element-40bf7b26 elementor-widget elementor-widget-text-editor\" data-id=\"40bf7b26\" data-element_type=\"widget\" data-e-type=\"widget\" data-widget_type=\"text-editor.default\">\n\t\t\t\t<div class=\"elementor-widget-container\">\n\t\t\t\t\t\t\t\t\t<p>Nuestra peluquer\u00eda abri\u00f3 sus puertas en Erandio el 2 de enero de 1999, con el compromiso de ofrecer cortes, color, tratamientos y peinados de alta calidad. Desde entonces, hemos crecido gracias a la confianza de nuestros clientes, brindando siempre un servicio personalizado con los mejores productos.<\/p><p>Con m\u00e1s de 25 a\u00f1os de experiencia, seguimos evolucionando para realzar la belleza de cada cliente. \u00a1Gracias por ser parte de nuestra historia!<\/p>\t\t\t\t\t\t\t\t<\/div>\n\t\t\t\t<\/div>\n\t\t\t\t<div class=\"elementor-element elementor-element-4952c455 elementor-align-center elementor-widget elementor-widget-button\" data-id=\"4952c455\" data-element_type=\"widget\" data-e-type=\"widget\" data-widget_type=\"button.default\">\n\t\t\t\t<div class=\"elementor-widget-container\">\n\t\t\t\t\t\t\t\t\t<div class=\"elementor-button-wrapper\">\n\t\t\t\t\t<a class=\"elementor-button elementor-button-link elementor-size-sm elementor-animation-float\" href=\"https:\/\/latorrepeluqueria.com\/eu\/servicios\/\">\n\t\t\t\t\t\t<span class=\"elementor-button-content-wrapper\">\n\t\t\t\t\t\t\t\t\t<span class=\"elementor-button-text\">GEHIAGO JAKIN<\/span>\n\t\t\t\t\t<\/span>\n\t\t\t\t\t<\/a>\n\t\t\t\t<\/div>\n\t\t\t\t\t\t\t\t<\/div>\n\t\t\t\t<\/div>\n\t\t\t\t\t<\/div>\n\t\t<\/div>\n\t\t\t\t\t<\/div>\n\t\t<\/section>\n\t\t\t\t\t<\/div>\n\t\t<\/div>\n\t\t\t\t\t<\/div>\n\t\t<\/section>\n\t\t\t\t<section class=\"elementor-section elementor-top-section elementor-element elementor-element-2ee96431 elementor-section-boxed elementor-section-height-default elementor-section-height-default\" data-id=\"2ee96431\" data-element_type=\"section\" data-e-type=\"section\" data-settings=\"{&quot;background_background&quot;:&quot;classic&quot;}\">\n\t\t\t\t\t\t\t<div class=\"elementor-background-overlay\"><\/div>\n\t\t\t\t\t\t\t<div class=\"elementor-container elementor-column-gap-no\">\n\t\t\t\t\t<div class=\"elementor-column elementor-col-100 elementor-top-column elementor-element elementor-element-5f1a4080\" data-id=\"5f1a4080\" data-element_type=\"column\" data-e-type=\"column\" data-settings=\"{&quot;background_background&quot;:&quot;classic&quot;}\">\n\t\t\t<div class=\"elementor-widget-wrap elementor-element-populated\">\n\t\t\t\t\t\t<div class=\"elementor-element elementor-element-4c04fdc6 elementor-invisible elementor-widget elementor-widget-heading\" data-id=\"4c04fdc6\" data-element_type=\"widget\" data-e-type=\"widget\" data-settings=\"{&quot;_animation&quot;:&quot;zoomIn&quot;}\" data-widget_type=\"heading.default\">\n\t\t\t\t<div class=\"elementor-widget-container\">\n\t\t\t\t\t<h2 class=\"elementor-heading-title elementor-size-default\">\u00a1Vis\u00edtanos en Erandio!<\/h2>\t\t\t\t<\/div>\n\t\t\t\t<\/div>\n\t\t\t\t<div class=\"elementor-element elementor-element-e3b91d5 elementor-invisible elementor-widget elementor-widget-heading\" data-id=\"e3b91d5\" data-element_type=\"widget\" data-e-type=\"widget\" data-settings=\"{&quot;_animation&quot;:&quot;zoomIn&quot;}\" data-widget_type=\"heading.default\">\n\t\t\t\t<div class=\"elementor-widget-container\">\n\t\t\t\t\t<h2 class=\"elementor-heading-title elementor-size-default\">D\u00e9janos realzar tu belleza con un servicio profesional y personalizado<\/h2>\t\t\t\t<\/div>\n\t\t\t\t<\/div>\n\t\t\t\t<div class=\"elementor-element elementor-element-a6cd98e elementor-align-center elementor-widget elementor-widget-button\" data-id=\"a6cd98e\" data-element_type=\"widget\" data-e-type=\"widget\" data-widget_type=\"button.default\">\n\t\t\t\t<div class=\"elementor-widget-container\">\n\t\t\t\t\t\t\t\t\t<div class=\"elementor-button-wrapper\">\n\t\t\t\t\t<a class=\"elementor-button elementor-button-link elementor-size-sm elementor-animation-float\" href=\"https:\/\/latorrepeluqueria.com\/eu\/contacto\/\">\n\t\t\t\t\t\t<span class=\"elementor-button-content-wrapper\">\n\t\t\t\t\t\t\t\t\t<span class=\"elementor-button-text\">JARRI GUREKIN HARREMANETAN<\/span>\n\t\t\t\t\t<\/span>\n\t\t\t\t\t<\/a>\n\t\t\t\t<\/div>\n\t\t\t\t\t\t\t\t<\/div>\n\t\t\t\t<\/div>\n\t\t\t\t\t<\/div>\n\t\t<\/div>\n\t\t\t\t\t<\/div>\n\t\t<\/section>\n\t\t\t\t<\/div>","protected":false},"excerpt":{"rendered":"<p>Bienvenidos a Peluquer\u00eda Latorre Con\u00f3cenos Nuestra peluquer\u00eda abri\u00f3 sus puertas en Erandio el 2 de enero de 1999, con el compromiso de ofrecer cortes, color, tratamientos y peinados de alta calidad. Desde entonces, hemos crecido gracias a la confianza de nuestros clientes, brindando siempre un servicio personalizado con los mejores productos. Con m\u00e1s de 25 [&hellip;]<\/p>\n","protected":false},"author":5,"featured_media":0,"parent":0,"menu_order":0,"comment_status":"closed","ping_status":"closed","template":"elementor_canvas","meta":{"footnotes":""},"class_list":["post-941","page","type-page","status-publish","hentry"],"yoast_head":"<!-- This site is optimized with the Yoast SEO plugin v27.5 - https:\/\/yoast.com\/product\/yoast-seo-wordpress\/ -->\n<title>Inicio - La Torre Peluquer\u00eda<\/title>\n<meta name=\"robots\" content=\"index, follow, max-snippet:-1, max-image-preview:large, max-video-preview:-1\" \/>\n<link rel=\"canonical\" href=\"https:\/\/latorrepeluqueria.com\/eu\/\" \/>\n<meta property=\"og:locale\" content=\"en_US\" \/>\n<meta property=\"og:type\" content=\"article\" \/>\n<meta property=\"og:title\" content=\"Inicio - La Torre Peluquer\u00eda\" \/>\n<meta property=\"og:description\" content=\"Bienvenidos a Peluquer\u00eda Latorre Con\u00f3cenos Nuestra peluquer\u00eda abri\u00f3 sus puertas en Erandio el 2 de enero de 1999, con el compromiso de ofrecer cortes, color, tratamientos y peinados de alta calidad. Desde entonces, hemos crecido gracias a la confianza de nuestros clientes, brindando siempre un servicio personalizado con los mejores productos. Con m\u00e1s de 25 [&hellip;]\" \/>\n<meta property=\"og:url\" content=\"https:\/\/latorrepeluqueria.com\/eu\/\" \/>\n<meta property=\"og:site_name\" content=\"La Torre Peluquer\u00eda\" \/>\n<meta property=\"article:modified_time\" content=\"2025-03-27T09:33:13+00:00\" \/>\n<meta property=\"og:image\" content=\"https:\/\/latorrepeluqueria.com\/wp-content\/uploads\/2025\/03\/WhatsApp-Image-2025-03-21-at-10.45.45.jpeg\" \/>\n\t<meta property=\"og:image:width\" content=\"1536\" \/>\n\t<meta property=\"og:image:height\" content=\"2048\" \/>\n\t<meta property=\"og:image:type\" content=\"image\/jpeg\" \/>\n<meta name=\"twitter:card\" content=\"summary_large_image\" \/>\n<meta name=\"twitter:label1\" content=\"Est. reading time\" \/>\n\t<meta name=\"twitter:data1\" content=\"2 minutua\" \/>\n<script type=\"application\/ld+json\" class=\"yoast-schema-graph\">{\"@context\":\"https:\\\/\\\/schema.org\",\"@graph\":[{\"@type\":\"WebPage\",\"@id\":\"https:\\\/\\\/latorrepeluqueria.com\\\/\",\"url\":\"https:\\\/\\\/latorrepeluqueria.com\\\/\",\"name\":\"Inicio - La Torre Peluquer\u00eda\",\"isPartOf\":{\"@id\":\"https:\\\/\\\/latorrepeluqueria.com\\\/#website\"},\"primaryImageOfPage\":{\"@id\":\"https:\\\/\\\/latorrepeluqueria.com\\\/#primaryimage\"},\"image\":{\"@id\":\"https:\\\/\\\/latorrepeluqueria.com\\\/#primaryimage\"},\"thumbnailUrl\":\"https:\\\/\\\/latorrepeluqueria.com\\\/wp-content\\\/uploads\\\/2025\\\/03\\\/WhatsApp-Image-2025-03-21-at-10.45.45-768x1024.jpeg\",\"datePublished\":\"2024-10-17T15:49:26+00:00\",\"dateModified\":\"2025-03-27T09:33:13+00:00\",\"breadcrumb\":{\"@id\":\"https:\\\/\\\/latorrepeluqueria.com\\\/#breadcrumb\"},\"inLanguage\":\"eu\",\"potentialAction\":[{\"@type\":\"ReadAction\",\"target\":[\"https:\\\/\\\/latorrepeluqueria.com\\\/\"]}]},{\"@type\":\"ImageObject\",\"inLanguage\":\"eu\",\"@id\":\"https:\\\/\\\/latorrepeluqueria.com\\\/#primaryimage\",\"url\":\"https:\\\/\\\/latorrepeluqueria.com\\\/wp-content\\\/uploads\\\/2025\\\/03\\\/WhatsApp-Image-2025-03-21-at-10.45.45-768x1024.jpeg\",\"contentUrl\":\"https:\\\/\\\/latorrepeluqueria.com\\\/wp-content\\\/uploads\\\/2025\\\/03\\\/WhatsApp-Image-2025-03-21-at-10.45.45-768x1024.jpeg\"},{\"@type\":\"BreadcrumbList\",\"@id\":\"https:\\\/\\\/latorrepeluqueria.com\\\/#breadcrumb\",\"itemListElement\":[{\"@type\":\"ListItem\",\"position\":1,\"name\":\"Portada\",\"item\":\"https:\\\/\\\/latorrepeluqueria.com\\\/\"},{\"@type\":\"ListItem\",\"position\":2,\"name\":\"Inicio\"}]},{\"@type\":\"WebSite\",\"@id\":\"https:\\\/\\\/latorrepeluqueria.com\\\/#website\",\"url\":\"https:\\\/\\\/latorrepeluqueria.com\\\/\",\"name\":\"La Torre Peluquer\u00eda\",\"description\":\"Cortes de cabello para mujeres y ni\u00f1os\",\"publisher\":{\"@id\":\"https:\\\/\\\/latorrepeluqueria.com\\\/#organization\"},\"potentialAction\":[{\"@type\":\"SearchAction\",\"target\":{\"@type\":\"EntryPoint\",\"urlTemplate\":\"https:\\\/\\\/latorrepeluqueria.com\\\/?s={search_term_string}\"},\"query-input\":{\"@type\":\"PropertyValueSpecification\",\"valueRequired\":true,\"valueName\":\"search_term_string\"}}],\"inLanguage\":\"eu\"},{\"@type\":\"Organization\",\"@id\":\"https:\\\/\\\/latorrepeluqueria.com\\\/#organization\",\"name\":\"La Torre Peluquer\u00eda\",\"url\":\"https:\\\/\\\/latorrepeluqueria.com\\\/\",\"logo\":{\"@type\":\"ImageObject\",\"inLanguage\":\"eu\",\"@id\":\"https:\\\/\\\/latorrepeluqueria.com\\\/#\\\/schema\\\/logo\\\/image\\\/\",\"url\":\"https:\\\/\\\/latorrepeluqueria.com\\\/wp-content\\\/uploads\\\/2025\\\/03\\\/cropped-Design-sem-nome-1.png\",\"contentUrl\":\"https:\\\/\\\/latorrepeluqueria.com\\\/wp-content\\\/uploads\\\/2025\\\/03\\\/cropped-Design-sem-nome-1.png\",\"width\":311,\"height\":456,\"caption\":\"La Torre Peluquer\u00eda\"},\"image\":{\"@id\":\"https:\\\/\\\/latorrepeluqueria.com\\\/#\\\/schema\\\/logo\\\/image\\\/\"}}]}<\/script>\n<!-- \/ Yoast SEO plugin. -->","yoast_head_json":{"title":"Inicio - La Torre Peluquer\u00eda","robots":{"index":"index","follow":"follow","max-snippet":"max-snippet:-1","max-image-preview":"max-image-preview:large","max-video-preview":"max-video-preview:-1"},"canonical":"https:\/\/latorrepeluqueria.com\/eu\/","og_locale":"en_US","og_type":"article","og_title":"Inicio - La Torre Peluquer\u00eda","og_description":"Bienvenidos a Peluquer\u00eda Latorre Con\u00f3cenos Nuestra peluquer\u00eda abri\u00f3 sus puertas en Erandio el 2 de enero de 1999, con el compromiso de ofrecer cortes, color, tratamientos y peinados de alta calidad. Desde entonces, hemos crecido gracias a la confianza de nuestros clientes, brindando siempre un servicio personalizado con los mejores productos. Con m\u00e1s de 25 [&hellip;]","og_url":"https:\/\/latorrepeluqueria.com\/eu\/","og_site_name":"La Torre Peluquer\u00eda","article_modified_time":"2025-03-27T09:33:13+00:00","og_image":[{"width":1536,"height":2048,"url":"https:\/\/latorrepeluqueria.com\/wp-content\/uploads\/2025\/03\/WhatsApp-Image-2025-03-21-at-10.45.45.jpeg","type":"image\/jpeg"}],"twitter_card":"summary_large_image","twitter_misc":{"Est. reading time":"2 minutua"},"schema":{"@context":"https:\/\/schema.org","@graph":[{"@type":"WebPage","@id":"https:\/\/latorrepeluqueria.com\/","url":"https:\/\/latorrepeluqueria.com\/","name":"Inicio - La Torre Peluquer\u00eda","isPartOf":{"@id":"https:\/\/latorrepeluqueria.com\/#website"},"primaryImageOfPage":{"@id":"https:\/\/latorrepeluqueria.com\/#primaryimage"},"image":{"@id":"https:\/\/latorrepeluqueria.com\/#primaryimage"},"thumbnailUrl":"https:\/\/latorrepeluqueria.com\/wp-content\/uploads\/2025\/03\/WhatsApp-Image-2025-03-21-at-10.45.45-768x1024.jpeg","datePublished":"2024-10-17T15:49:26+00:00","dateModified":"2025-03-27T09:33:13+00:00","breadcrumb":{"@id":"https:\/\/latorrepeluqueria.com\/#breadcrumb"},"inLanguage":"eu","potentialAction":[{"@type":"ReadAction","target":["https:\/\/latorrepeluqueria.com\/"]}]},{"@type":"ImageObject","inLanguage":"eu","@id":"https:\/\/latorrepeluqueria.com\/#primaryimage","url":"https:\/\/latorrepeluqueria.com\/wp-content\/uploads\/2025\/03\/WhatsApp-Image-2025-03-21-at-10.45.45-768x1024.jpeg","contentUrl":"https:\/\/latorrepeluqueria.com\/wp-content\/uploads\/2025\/03\/WhatsApp-Image-2025-03-21-at-10.45.45-768x1024.jpeg"},{"@type":"BreadcrumbList","@id":"https:\/\/latorrepeluqueria.com\/#breadcrumb","itemListElement":[{"@type":"ListItem","position":1,"name":"Portada","item":"https:\/\/latorrepeluqueria.com\/"},{"@type":"ListItem","position":2,"name":"Inicio"}]},{"@type":"WebSite","@id":"https:\/\/latorrepeluqueria.com\/#website","url":"https:\/\/latorrepeluqueria.com\/","name":"La Torre Peluquer\u00eda","description":"Cortes de cabello para mujeres y ni\u00f1os","publisher":{"@id":"https:\/\/latorrepeluqueria.com\/#organization"},"potentialAction":[{"@type":"SearchAction","target":{"@type":"EntryPoint","urlTemplate":"https:\/\/latorrepeluqueria.com\/?s={search_term_string}"},"query-input":{"@type":"PropertyValueSpecification","valueRequired":true,"valueName":"search_term_string"}}],"inLanguage":"eu"},{"@type":"Organization","@id":"https:\/\/latorrepeluqueria.com\/#organization","name":"La Torre Peluquer\u00eda","url":"https:\/\/latorrepeluqueria.com\/","logo":{"@type":"ImageObject","inLanguage":"eu","@id":"https:\/\/latorrepeluqueria.com\/#\/schema\/logo\/image\/","url":"https:\/\/latorrepeluqueria.com\/wp-content\/uploads\/2025\/03\/cropped-Design-sem-nome-1.png","contentUrl":"https:\/\/latorrepeluqueria.com\/wp-content\/uploads\/2025\/03\/cropped-Design-sem-nome-1.png","width":311,"height":456,"caption":"La Torre Peluquer\u00eda"},"image":{"@id":"https:\/\/latorrepeluqueria.com\/#\/schema\/logo\/image\/"}}]}},"_links":{"self":[{"href":"https:\/\/latorrepeluqueria.com\/eu\/wp-json\/wp\/v2\/pages\/941","targetHints":{"allow":["GET"]}}],"collection":[{"href":"https:\/\/latorrepeluqueria.com\/eu\/wp-json\/wp\/v2\/pages"}],"about":[{"href":"https:\/\/latorrepeluqueria.com\/eu\/wp-json\/wp\/v2\/types\/page"}],"author":[{"embeddable":true,"href":"https:\/\/latorrepeluqueria.com\/eu\/wp-json\/wp\/v2\/users\/5"}],"replies":[{"embeddable":true,"href":"https:\/\/latorrepeluqueria.com\/eu\/wp-json\/wp\/v2\/comments?post=941"}],"version-history":[{"count":691,"href":"https:\/\/latorrepeluqueria.com\/eu\/wp-json\/wp\/v2\/pages\/941\/revisions"}],"predecessor-version":[{"id":2621,"href":"https:\/\/latorrepeluqueria.com\/eu\/wp-json\/wp\/v2\/pages\/941\/revisions\/2621"}],"wp:attachment":[{"href":"https:\/\/latorrepeluqueria.com\/eu\/wp-json\/wp\/v2\/media?parent=941"}],"curies":[{"name":"wp","href":"https:\/\/api.w.org\/{rel}","templated":true}]}}